{"id":464,"date":"2024-03-08T09:15:22","date_gmt":"2024-03-08T09:15:22","guid":{"rendered":"https:\/\/insser.cat\/accesibilidad\/"},"modified":"2024-12-22T11:23:49","modified_gmt":"2024-12-22T11:23:49","slug":"accesibilidad","status":"publish","type":"page","link":"https:\/\/insser.cat\/ca\/accesibilidad\/","title":{"rendered":"accesibilitat"},"content":{"rendered":"\t\t<div data-elementor-type=\"wp-page\" data-elementor-id=\"464\" class=\"elementor elementor-464 elementor-149\" data-elementor-post-type=\"page\">\n\t\t\t\t\t\t<section class=\"elementor-section elementor-top-section elementor-element elementor-element-2eb75c5 elementor-section-boxed elementor-section-height-default elementor-section-height-default\" data-id=\"2eb75c5\" data-element_type=\"section\" data-e-type=\"section\">\n\t\t\t\t\t\t<div class=\"elementor-container elementor-column-gap-extended\">\n\t\t\t\t\t<div class=\"elementor-column elementor-col-100 elementor-top-column elementor-element elementor-element-4c82936\" data-id=\"4c82936\" data-element_type=\"column\" data-e-type=\"column\">\n\t\t\t<div class=\"elementor-widget-wrap elementor-element-populated\">\n\t\t\t\t\t\t<div class=\"elementor-element elementor-element-60146c0 elementor-widget elementor-widget-heading\" data-id=\"60146c0\" data-element_type=\"widget\" data-e-type=\"widget\" data-widget_type=\"heading.default\">\n\t\t\t\t<div class=\"elementor-widget-container\">\n\t\t\t\t\t<h2 class=\"elementor-heading-title elementor-size-default\">Declaraci\u00f3n de accesibilidad<\/h2>\t\t\t\t<\/div>\n\t\t\t\t<\/div>\n\t\t\t\t<div class=\"elementor-element elementor-element-2bf9840 elementor-widget elementor-widget-spacer\" data-id=\"2bf9840\" data-element_type=\"widget\" data-e-type=\"widget\" data-widget_type=\"spacer.default\">\n\t\t\t\t<div class=\"elementor-widget-container\">\n\t\t\t\t\t\t\t<div class=\"elementor-spacer\">\n\t\t\t<div class=\"elementor-spacer-inner\"><\/div>\n\t\t<\/div>\n\t\t\t\t\t\t<\/div>\n\t\t\t\t<\/div>\n\t\t\t\t<div class=\"elementor-element elementor-element-a112ffd elementor-widget__width-initial elementor-widget elementor-widget-text-editor\" data-id=\"a112ffd\" data-element_type=\"widget\" data-e-type=\"widget\" data-widget_type=\"text-editor.default\">\n\t\t\t\t<div class=\"elementor-widget-container\">\n\t\t\t\t\t\t\t\t\t<p><\/p>\n<div>\n<div>\n<p>La presente declaraci\u00f3n de accesibilidad se aplica al sitio web <a href=\"https:\/\/www.tangramlegal.com\/\">https:\/\/www.insser.cat\/<\/a><\/p>\n<h4 class=\"wp-block-heading\">Pol\u00edtica de accesibilidad<\/h4>\n<p>La empresa&nbsp;<strong>INSSER RON\u00c7ANA, S.L&nbsp;<\/strong>se ha comprometido a hacer accesible su sitio web de conformidad con el Real Decreto 1112\/2018, de 7 de septiembre, sobre accesibilidad de los sitios web y aplicaciones para dispositivos m\u00f3viles del sector p\u00fablico, o desarrollos financiados desde Europa.<\/p>\n<p>La presente declaraci\u00f3n de accesibilidad se aplica al sitio web<span style=\"font-style: var( --e-global-typography-b2ce6af-font-style ); letter-spacing: var( --e-global-typography-b2ce6af-letter-spacing ); text-transform: var( --e-global-typography-b2ce6af-text-transform ); word-spacing: var( --e-global-typography-b2ce6af-word-spacing );\">&nbsp;<\/span><a href=\"https:\/\/www.tangramlegal.com\/\" style=\"font-style: var( --e-global-typography-b2ce6af-font-style ); letter-spacing: var( --e-global-typography-b2ce6af-letter-spacing ); text-transform: var( --e-global-typography-b2ce6af-text-transform ); word-spacing: var( --e-global-typography-b2ce6af-word-spacing ); background-color: rgb(255, 255, 255);\">https:\/\/www.insser.cat\/<\/a><span style=\"font-style: var( --e-global-typography-b2ce6af-font-style ); letter-spacing: var( --e-global-typography-b2ce6af-letter-spacing ); text-transform: var( --e-global-typography-b2ce6af-text-transform ); word-spacing: var( --e-global-typography-b2ce6af-word-spacing );\">&nbsp;<\/span><span style=\"font-style: var( --e-global-typography-b2ce6af-font-style ); letter-spacing: var( --e-global-typography-b2ce6af-letter-spacing ); text-transform: var( --e-global-typography-b2ce6af-text-transform ); word-spacing: var( --e-global-typography-b2ce6af-word-spacing );\">excluyendo los contenidos incrustados provenientes de otros dominios.<\/span><\/p>\n<p>Situaci\u00f3n de cumplimiento<\/p>\n<p>Este sitio web es Parcialmente conforme con el RD 1112\/2018 debido a la falta de conformidad de los aspectos que se indican a continuaci\u00f3n.<\/p>\n<h3>Contenido no accesible<\/h3>\n<p>El contenido que se recoge a continuaci\u00f3n no es accesible por los siguientes motivos:<\/p>\n<h4>Falta de conformidad:<\/h4>\n<p>Pueden existir algunas im\u00e1genes cuya alternativa no est\u00e9 implementada o no sea correcta &#8211; \u2013 Requisito 9.1.1.1 Contenido no textual UNE-EN 301549:2022<br>En los formularios, puede haber campos que no se hayan facilitado su rellenado a trav\u00e9s de sistemas autom\u00e1ticos \u2013 Requisito 9.1.3.5 Identificar el prop\u00f3sito de la entrada UNE-EN 301549:2022<br>Podr\u00edan existir fallos puntuales de edici\u00f3n en alguna p\u00e1gina web.<br>Carga desproporcionada: No resulta aplicable.<br>El contenido no entra dentro del \u00e1mbito de la legislaci\u00f3n aplicable.<\/p>\n<p>Podr\u00edan existir archivos ofim\u00e1ticos en PDF u otros formatos publicados antes del 20 de septiembre de 2018 que no cumplan en su totalidad todos los requisitos de accesibilidad.<br>Puede haber contenidos de terceros que no est\u00e9n desarrollados en esta Unidad, ni bajo su control, como archivos ofim\u00e1ticos de diferentes organismos que deban publicarse en este sitio.<\/p>\n<h3>Observaciones y datos de contacto<\/h3>\n<p>Puede realizar comunicaciones sobre requisitos de accesibilidad [art\u00edculo 10.2.a) del RD 1112\/2018] como, por ejemplo:<\/p>\n<p>Informar sobre cualquier posible incumplimiento por parte de este sitio web.<br>Transmitir otras dificultades de acceso al contenido.<br>Formular cualquier otra consulta o sugerencia de mejora relativa a la accesibilidad del sitio web a trav\u00e9s del siguiente <a href=\"https:\/\/tangramlegal.com\/#contacto\">formulario de contacto<\/a> o llamando al tel\u00e9fono (+34)&nbsp;669 02 80 29 de 9 a 14 horas de lunes a viernes.<\/p>\n<h4>Puede presentar:<\/h4>\n<p>Una queja relativa al cumplimiento de los requisitos del RD 1112\/2018<br>Una solicitud de informaci\u00f3n accesible relativa a:<br>Contenidos que est\u00e1n excluidos del \u00e1mbito de aplicaci\u00f3n del RD 1112\/2018 seg\u00fan lo establecido por el art\u00edculo 3, apartado 4.<br>Contenidos que est\u00e1n exentos del cumplimiento de los requisitos de accesibilidad por imponer una carga desproporcionada.<\/p>\n<p>En la solicitud de informaci\u00f3n accesible, se debe concretar, con toda claridad, los hechos, razones y petici\u00f3n que permitan constatar que se trata de una solicitud razonable y leg\u00edtima.<\/p>\n<h3>CONTENIDO OPCIONAL<\/h3>\n<\/div>\n<\/div>\n<div>\n<div>\n<p>Esta web esta dise\u00f1ado para poder cambiar el tama\u00f1o del texto y el color, as\u00ed como el fondo de la pagina mediante las opciones de configuraci\u00f3n est\u00e1ndar de los navegadores.<\/p>\n<p>Si desea cambiar el tama\u00f1o de letra del texto en los principales navegadores gr\u00e1ficos utilice los siguientes men\u00fas:<\/p>\n<ul>\n<li>Internet Explorer, Mozilla y Firefox: Ver &gt; Tama\u00f1o del texto<\/li>\n<li>Opera: Ver &gt; Zoom<\/li>\n<li>Safari: Ver &gt; Hacer el texto mas grande<\/li>\n<li>Chrome: Controla la pagina actual &gt; Tama\u00f1o del texto<\/li>\n<li>Para modificar el tama\u00f1o de todo en la pagina:\n<ul>\n<li>Ctrl + + para aumentarlo<\/li>\n<li>Ctrl + &#8211; para disminuirlo<\/li>\n<li>Ctrl + 0 restaura el tama\u00f1o original del texto<\/li>\n<\/ul>\n<\/li>\n<\/ul>\n<\/div>\n<\/div>\n<p><\/p>\t\t\t\t\t\t\t\t<\/div>\n\t\t\t\t<\/div>\n\t\t\t\t<div class=\"elementor-element elementor-element-67161fd elementor-widget elementor-widget-text-editor\" data-id=\"67161fd\" data-element_type=\"widget\" data-e-type=\"widget\" data-widget_type=\"text-editor.default\">\n\t\t\t\t<div class=\"elementor-widget-container\">\n\t\t\t\t\t\t\t\t\t<p><em>\u00daltima revisi\u00f3n: Febrero 2024<\/em><\/p>\t\t\t\t\t\t\t\t<\/div>\n\t\t\t\t<\/div>\n\t\t\t\t\t<\/div>\n\t\t<\/div>\n\t\t\t\t\t<\/div>\n\t\t<\/section>\n\t\t\t\t<\/div>\n\t\t","protected":false},"excerpt":{"rendered":"<p>Declaraci\u00f3n de accesibilidad La presente declaraci\u00f3n de accesibilidad se aplica al sitio web https:\/\/www.insser.cat\/ Pol\u00edtica de accesibilidad La empresa&nbsp;INSSER RON\u00c7ANA, S.L&nbsp;se ha comprometido a hacer accesible su sitio web de conformidad con el Real Decreto 1112\/2018, de 7 de septiembre, sobre accesibilidad de los sitios web y aplicaciones para dispositivos m\u00f3viles del sector p\u00fablico, o [&hellip;]<\/p>\n","protected":false},"author":1,"featured_media":0,"parent":0,"menu_order":0,"comment_status":"closed","ping_status":"closed","template":"","meta":{"inline_featured_image":false,"footnotes":""},"class_list":["post-464","page","type-page","status-publish","hentry"],"yoast_head":"<!-- This site is optimized with the Yoast SEO plugin v23.2 - https:\/\/yoast.com\/wordpress\/plugins\/seo\/ -->\n<title>accesibilitat - INSSER Ron\u00e7ana, Instalaciones en industria y viviendas<\/title>\n<meta name=\"robots\" content=\"index, follow, max-snippet:-1, max-image-preview:large, max-video-preview:-1\" \/>\n<link rel=\"canonical\" href=\"https:\/\/insser.cat\/ca\/accesibilidad\/\" \/>\n<meta property=\"og:locale\" content=\"ca_ES\" \/>\n<meta property=\"og:type\" content=\"article\" \/>\n<meta property=\"og:title\" content=\"accesibilitat - INSSER Ron\u00e7ana, Instalaciones en industria y viviendas\" \/>\n<meta property=\"og:description\" content=\"Declaraci\u00f3n de accesibilidad La presente declaraci\u00f3n de accesibilidad se aplica al sitio web https:\/\/www.insser.cat\/ Pol\u00edtica de accesibilidad La empresa&nbsp;INSSER RON\u00c7ANA, S.L&nbsp;se ha comprometido a hacer accesible su sitio web de conformidad con el Real Decreto 1112\/2018, de 7 de septiembre, sobre accesibilidad de los sitios web y aplicaciones para dispositivos m\u00f3viles del sector p\u00fablico, o [&hellip;]\" \/>\n<meta property=\"og:url\" content=\"https:\/\/insser.cat\/ca\/accesibilidad\/\" \/>\n<meta property=\"og:site_name\" content=\"INSSER Ron\u00e7ana, Instalaciones en industria y viviendas\" \/>\n<meta property=\"article:modified_time\" content=\"2024-12-22T11:23:49+00:00\" \/>\n<meta name=\"twitter:card\" content=\"summary_large_image\" \/>\n<meta name=\"twitter:label1\" content=\"Temps estimat de lectura\" \/>\n\t<meta name=\"twitter:data1\" content=\"3 minuts\" \/>\n<script type=\"application\/ld+json\" class=\"yoast-schema-graph\">{\"@context\":\"https:\/\/schema.org\",\"@graph\":[{\"@type\":\"WebPage\",\"@id\":\"https:\/\/insser.cat\/ca\/accesibilidad\/\",\"url\":\"https:\/\/insser.cat\/ca\/accesibilidad\/\",\"name\":\"accesibilitat - INSSER Ron\u00e7ana, Instalaciones en industria y viviendas\",\"isPartOf\":{\"@id\":\"https:\/\/insser.cat\/#website\"},\"datePublished\":\"2024-03-08T09:15:22+00:00\",\"dateModified\":\"2024-12-22T11:23:49+00:00\",\"breadcrumb\":{\"@id\":\"https:\/\/insser.cat\/ca\/accesibilidad\/#breadcrumb\"},\"inLanguage\":\"ca\",\"potentialAction\":[{\"@type\":\"ReadAction\",\"target\":[\"https:\/\/insser.cat\/ca\/accesibilidad\/\"]}]},{\"@type\":\"BreadcrumbList\",\"@id\":\"https:\/\/insser.cat\/ca\/accesibilidad\/#breadcrumb\",\"itemListElement\":[{\"@type\":\"ListItem\",\"position\":1,\"name\":\"Portada\",\"item\":\"https:\/\/insser.cat\/ca\/\"},{\"@type\":\"ListItem\",\"position\":2,\"name\":\"accesibilitat\"}]},{\"@type\":\"WebSite\",\"@id\":\"https:\/\/insser.cat\/#website\",\"url\":\"https:\/\/insser.cat\/\",\"name\":\"INSSER Ron\u00e7ana, Instalaciones en industria y viviendas\",\"description\":\"Instalaciones de energias renovables(fotovoltaica y aerotermia) , climatizaci\u00f3n, contraincendios, proyectos.\",\"publisher\":{\"@id\":\"https:\/\/insser.cat\/#organization\"},\"potentialAction\":[{\"@type\":\"SearchAction\",\"target\":{\"@type\":\"EntryPoint\",\"urlTemplate\":\"https:\/\/insser.cat\/?s={search_term_string}\"},\"query-input\":\"required name=search_term_string\"}],\"inLanguage\":\"ca\"},{\"@type\":\"Organization\",\"@id\":\"https:\/\/insser.cat\/#organization\",\"name\":\"INSSER Ron\u00e7ana, Instalaciones en industria y viviendas\",\"url\":\"https:\/\/insser.cat\/\",\"logo\":{\"@type\":\"ImageObject\",\"inLanguage\":\"ca\",\"@id\":\"https:\/\/insser.cat\/#\/schema\/logo\/image\/\",\"url\":\"https:\/\/insser.cat\/wp-content\/uploads\/2024\/03\/INSSER-1.svg\",\"contentUrl\":\"https:\/\/insser.cat\/wp-content\/uploads\/2024\/03\/INSSER-1.svg\",\"width\":340,\"height\":143,\"caption\":\"INSSER Ron\u00e7ana, Instalaciones en industria y viviendas\"},\"image\":{\"@id\":\"https:\/\/insser.cat\/#\/schema\/logo\/image\/\"}}]}<\/script>\n<!-- \/ Yoast SEO plugin. -->","yoast_head_json":{"title":"accesibilitat - INSSER Ron\u00e7ana, Instalaciones en industria y viviendas","robots":{"index":"index","follow":"follow","max-snippet":"max-snippet:-1","max-image-preview":"max-image-preview:large","max-video-preview":"max-video-preview:-1"},"canonical":"https:\/\/insser.cat\/ca\/accesibilidad\/","og_locale":"ca_ES","og_type":"article","og_title":"accesibilitat - INSSER Ron\u00e7ana, Instalaciones en industria y viviendas","og_description":"Declaraci\u00f3n de accesibilidad La presente declaraci\u00f3n de accesibilidad se aplica al sitio web https:\/\/www.insser.cat\/ Pol\u00edtica de accesibilidad La empresa&nbsp;INSSER RON\u00c7ANA, S.L&nbsp;se ha comprometido a hacer accesible su sitio web de conformidad con el Real Decreto 1112\/2018, de 7 de septiembre, sobre accesibilidad de los sitios web y aplicaciones para dispositivos m\u00f3viles del sector p\u00fablico, o [&hellip;]","og_url":"https:\/\/insser.cat\/ca\/accesibilidad\/","og_site_name":"INSSER Ron\u00e7ana, Instalaciones en industria y viviendas","article_modified_time":"2024-12-22T11:23:49+00:00","twitter_card":"summary_large_image","twitter_misc":{"Temps estimat de lectura":"3 minuts"},"schema":{"@context":"https:\/\/schema.org","@graph":[{"@type":"WebPage","@id":"https:\/\/insser.cat\/ca\/accesibilidad\/","url":"https:\/\/insser.cat\/ca\/accesibilidad\/","name":"accesibilitat - INSSER Ron\u00e7ana, Instalaciones en industria y viviendas","isPartOf":{"@id":"https:\/\/insser.cat\/#website"},"datePublished":"2024-03-08T09:15:22+00:00","dateModified":"2024-12-22T11:23:49+00:00","breadcrumb":{"@id":"https:\/\/insser.cat\/ca\/accesibilidad\/#breadcrumb"},"inLanguage":"ca","potentialAction":[{"@type":"ReadAction","target":["https:\/\/insser.cat\/ca\/accesibilidad\/"]}]},{"@type":"BreadcrumbList","@id":"https:\/\/insser.cat\/ca\/accesibilidad\/#breadcrumb","itemListElement":[{"@type":"ListItem","position":1,"name":"Portada","item":"https:\/\/insser.cat\/ca\/"},{"@type":"ListItem","position":2,"name":"accesibilitat"}]},{"@type":"WebSite","@id":"https:\/\/insser.cat\/#website","url":"https:\/\/insser.cat\/","name":"INSSER Ron\u00e7ana, Instalaciones en industria y viviendas","description":"Instalaciones de energias renovables(fotovoltaica y aerotermia) , climatizaci\u00f3n, contraincendios, proyectos.","publisher":{"@id":"https:\/\/insser.cat\/#organization"},"potentialAction":[{"@type":"SearchAction","target":{"@type":"EntryPoint","urlTemplate":"https:\/\/insser.cat\/?s={search_term_string}"},"query-input":"required name=search_term_string"}],"inLanguage":"ca"},{"@type":"Organization","@id":"https:\/\/insser.cat\/#organization","name":"INSSER Ron\u00e7ana, Instalaciones en industria y viviendas","url":"https:\/\/insser.cat\/","logo":{"@type":"ImageObject","inLanguage":"ca","@id":"https:\/\/insser.cat\/#\/schema\/logo\/image\/","url":"https:\/\/insser.cat\/wp-content\/uploads\/2024\/03\/INSSER-1.svg","contentUrl":"https:\/\/insser.cat\/wp-content\/uploads\/2024\/03\/INSSER-1.svg","width":340,"height":143,"caption":"INSSER Ron\u00e7ana, Instalaciones en industria y viviendas"},"image":{"@id":"https:\/\/insser.cat\/#\/schema\/logo\/image\/"}}]}},"_links":{"self":[{"href":"https:\/\/insser.cat\/ca\/wp-json\/wp\/v2\/pages\/464","targetHints":{"allow":["GET"]}}],"collection":[{"href":"https:\/\/insser.cat\/ca\/wp-json\/wp\/v2\/pages"}],"about":[{"href":"https:\/\/insser.cat\/ca\/wp-json\/wp\/v2\/types\/page"}],"author":[{"embeddable":true,"href":"https:\/\/insser.cat\/ca\/wp-json\/wp\/v2\/users\/1"}],"replies":[{"embeddable":true,"href":"https:\/\/insser.cat\/ca\/wp-json\/wp\/v2\/comments?post=464"}],"version-history":[{"count":1,"href":"https:\/\/insser.cat\/ca\/wp-json\/wp\/v2\/pages\/464\/revisions"}],"predecessor-version":[{"id":465,"href":"https:\/\/insser.cat\/ca\/wp-json\/wp\/v2\/pages\/464\/revisions\/465"}],"wp:attachment":[{"href":"https:\/\/insser.cat\/ca\/wp-json\/wp\/v2\/media?parent=464"}],"curies":[{"name":"wp","href":"https:\/\/api.w.org\/{rel}","templated":true}]}}